{"id":1430,"date":"2021-07-14T19:32:47","date_gmt":"2021-07-14T19:32:47","guid":{"rendered":"https:\/\/bastet.besquares.net\/?page_id=1430"},"modified":"2025-08-08T17:20:17","modified_gmt":"2025-08-08T15:20:17","slug":"about-me","status":"publish","type":"page","link":"https:\/\/filleacgiltaranto.it\/index.php\/about-me\/","title":{"rendered":"About"},"content":{"rendered":"<div  class=\"wp-block wp-block-bastet-container bastet-blocks_8524c9-94 \"><div class=\"block-overlay   has-background-dim has-background-dim-50\"><\/div><div class=\"container\"><div class=\"container-inner\">\n\n<div class=\"wp-block-bastet-heading bastet-block-heading bastet-blocks_260b92-2d is-style-default\"><div class=\"block-heading-wrap block-heading\"><div class=\"heading tall\"><h2 class=\"large\" style=\"\">La Fillea Cgil<\/h2><\/div><\/div><\/div>\n\n<\/div><\/div><\/div>\n\n<div  class=\"wp-block wp-block-bastet-container bastet-blocks_de7a07-03 \"><div class=\"container\"><div class=\"container-inner\">\n\n<figure class=\"wp-block-image size-full\"><img loading=\"lazy\" decoding=\"async\" width=\"1080\" height=\"1080\" src=\"https:\/\/filleacgiltaranto.it\/wp-content\/uploads\/2025\/08\/presentazione-fillea.png\" alt=\"\" class=\"wp-image-2828\" srcset=\"https:\/\/filleacgiltaranto.it\/wp-content\/uploads\/2025\/08\/presentazione-fillea.png 1080w, https:\/\/filleacgiltaranto.it\/wp-content\/uploads\/2025\/08\/presentazione-fillea-300x300.png 300w, https:\/\/filleacgiltaranto.it\/wp-content\/uploads\/2025\/08\/presentazione-fillea-1024x1024.png 1024w, https:\/\/filleacgiltaranto.it\/wp-content\/uploads\/2025\/08\/presentazione-fillea-150x150.png 150w, https:\/\/filleacgiltaranto.it\/wp-content\/uploads\/2025\/08\/presentazione-fillea-768x768.png 768w, https:\/\/filleacgiltaranto.it\/wp-content\/uploads\/2025\/08\/presentazione-fillea-820x820.png 820w, https:\/\/filleacgiltaranto.it\/wp-content\/uploads\/2025\/08\/presentazione-fillea-400x400.png 400w, https:\/\/filleacgiltaranto.it\/wp-content\/uploads\/2025\/08\/presentazione-fillea-580x580.png 580w, https:\/\/filleacgiltaranto.it\/wp-content\/uploads\/2025\/08\/presentazione-fillea-520x520.png 520w, https:\/\/filleacgiltaranto.it\/wp-content\/uploads\/2025\/08\/presentazione-fillea-890x890.png 890w\" sizes=\"auto, (max-width: 1080px) 100vw, 1080px\" \/><\/figure>\n\n<\/div><\/div><\/div>\n\n\n<div style=\"height:62px\" aria-hidden=\"true\" class=\"wp-block-spacer\"><\/div>\n\n\n<div  class=\"wp-block wp-block-bastet-container bastet-blocks_126099-73 \"><div class=\"container\"><div class=\"container-inner\">\n<div class=\"wp-bootstrap-blocks-row row\">\n\t\n\n<div class=\"col-12 col-md-2\">\n\t\t\t\t<\/div>\n\n\n\n<div class=\"col-12 col-md-8\">\n\t\t\t\n\n<h3 class=\"wp-block-heading\">Fillea Cgil Taranto<\/h3>\n\n\n\n<p>La&nbsp;<strong>FILLEA<\/strong>&nbsp;&#8211; Federazione Italiana dei Lavoratori del Legno, Edilizia e Affini &#8211; \u00e8 la categoria della&nbsp;<strong><a href=\"https:\/\/www.cgil.it\/\">CGIL<\/a><\/strong>&nbsp;che organizza &#8211; e ne difende i diritti collettivi ed individuali &#8211; le lavoratrici ed i lavoratori dei vari comparti che compongono il vasto settore delle \u201ccostruzioni\u201d:&nbsp;<strong>edilizia, cemento, laterizi, lapidei, legno-arredo<\/strong>, comprese alcune produzioni di nicchia, piccole come numero di addetti ma note ed apprezzate in tutto il mondo per la straordinaria qualit\u00e0 del prodotto, tra cui ricordiamo gli&nbsp;<strong>interni in legno della nautica e dei camper, la produzione del sughero, il restauro, il cotto toscano<\/strong>.<\/p>\n\n\n\n<blockquote class=\"wp-block-quote is-layout-flow wp-block-quote-is-layout-flow\">\n<p>federazione italiana lavoratori edilizia, legno e arredo, cemento, laterizi e lapidei<\/p>\n<\/blockquote>\n\n\n\n<p>Possono aderire alla<strong>&nbsp;FILLEA<\/strong>&nbsp;operai, impiegati, intermedi, tecnici, quadri, l&#8217;adesione \u00e8 volontaria. Essa comporta piena eguaglianza di diritti e di doveri nel pieno rispetto dell&#8217;appartenenza a gruppi etnici, nazionalit\u00e0, lingua, fedi religiose, di orientamento sessuale, culture e formazioni politiche, diversit\u00e0 professionali, sociali e di interessi, nonch\u00e9 l&#8217;accettazione dei principi e delle norme del presente Statuto, in quanto assumono i valori delle libert\u00e0 personali, civili, economiche, sociali e politiche, della giustizia sociale quali presupposti fondanti e fini irrinunciabili di una societ\u00e0 democratica.<\/p>\n\n\t<\/div>\n\n\n\n<div class=\"col-12 col-md-2\">\n\t\t\t\t<\/div>\n\n<\/div>\n\n<\/div><\/div><\/div>\n\n\n<div style=\"height:40px\" aria-hidden=\"true\" class=\"wp-block-spacer\"><\/div>\n\n\n<div  class=\"wp-block wp-block-bastet-container bastet-blocks_9b11ee-06 \"><div class=\"container\"><div class=\"container-inner\">\n<div class=\"wp-bootstrap-blocks-row row\">\n\t\n\n<div class=\"col-12 col-md-2\">\n\t\t\t\t<\/div>\n\n\n\n<div class=\"col-12 col-md-2\">\n\t\t\t\t<\/div>\n\n<\/div>\n\n\n\n<hr class=\"wp-block-separator has-css-opacity\"\/>\n\n\n\n<div style=\"height:34px\" aria-hidden=\"true\" class=\"wp-block-spacer\"><\/div>\n\n<\/div><\/div><\/div>\n\n<div  class=\"wp-block wp-block-bastet-container bastet-blocks_9dce66-b2 \"><div class=\"container\"><div class=\"container-inner\">\n\n<div class=\"wp-block-bastet-heading bastet-block-heading bastet-blocks_e94e01-a4 is-style-tall\"><div class=\"block-heading-wrap block-heading\"><div class=\"heading tall\"><h2 class=\"large\" style=\"\">Latest Stories <\/h2><\/div><\/div><\/div>\n\n\n<div id=\"prim-query\" class=\"wp-block wp-block-bastet-posts bastet-blocks_ad423a-be\"><div class=\"posts-wrap\"><div class=\"posts grid\"><article id=\"post-2848\" class=\"s-post post post-2848 type-post status-publish format-standard has-post-thumbnail hentry category-appalto-ex-ilva tag-yoga\">\n\n\t\t\t<div class=\"post-thumbnail\">\n\t\t\t<a class=\"thumb-link\" href=\"https:\/\/filleacgiltaranto.it\/index.php\/2026\/02\/26\/semat-bardinella-non-lasciate-soli-i-215-lavoratori-ora-un-percorso-di-rilancio-vero\/\" title=\"Semat, Bardinella: \u201cNon lasciate soli i 215 lavoratori, ora un percorso di rilancio vero\u201d\">\n\t\t\t<span class=\"thumbinal\">\n\t\t\t\t<span class=\"image\">\n\t\t\t\t\t<img loading=\"lazy\" decoding=\"async\" width=\"400\" height=\"400\" src=\"https:\/\/filleacgiltaranto.it\/wp-content\/uploads\/2026\/02\/assemblea-semat-400x400.jpg\" class=\"attachment-bastet_list_grid_image_square size-bastet_list_grid_image_square wp-post-image\" alt=\"\" srcset=\"https:\/\/filleacgiltaranto.it\/wp-content\/uploads\/2026\/02\/assemblea-semat-400x400.jpg 400w, https:\/\/filleacgiltaranto.it\/wp-content\/uploads\/2026\/02\/assemblea-semat-300x300.jpg 300w, https:\/\/filleacgiltaranto.it\/wp-content\/uploads\/2026\/02\/assemblea-semat-150x150.jpg 150w, https:\/\/filleacgiltaranto.it\/wp-content\/uploads\/2026\/02\/assemblea-semat-520x520.jpg 520w, https:\/\/filleacgiltaranto.it\/wp-content\/uploads\/2026\/02\/assemblea-semat.jpg 526w\" sizes=\"auto, (max-width: 400px) 100vw, 400px\" \/>\t\t\t\t<\/span>\n\t\t\t<\/span>\n\t\t\t<\/a>\n\t\t<\/div><!--  .post-thumbnail -->\n\t\n\t<div class=\"post-content\">\n\t\t<header class=\"entry-header\">\n\t\t\t<span class=\"posted-cates\"><a href=\"https:\/\/filleacgiltaranto.it\/index.php\/category\/appalto-ex-ilva\/\" rel=\"category tag\">appalto ex ilva<\/a><\/span>\t\t\t<h2 class=\"entry-title\"><a href=\"https:\/\/filleacgiltaranto.it\/index.php\/2026\/02\/26\/semat-bardinella-non-lasciate-soli-i-215-lavoratori-ora-un-percorso-di-rilancio-vero\/\" rel=\"bookmark\">Semat, Bardinella: \u201cNon lasciate soli i 215 lavoratori, ora un percorso di rilancio vero\u201d<\/a><\/h2>\n\t\t<\/header><!-- .entry-header -->\n\n\t\t<div class=\"entry-content\">\n\t\t\t<p>\u00abSi \u00e8 concluso questa mattina al Ministero del Lavoro l\u2019incontro convocato per la formalizzazione dell\u2019intesa sulla vertenza <\/p>\t\t<\/div><!-- .entry-content -->\n\n\t\t<footer class=\"entry-footer\">\n\t\t\t<div class=\"d-flex flex-wrap justify-content-between\">\n\t\t\t\t<div class=\"entry-meta\">\n\t\t\t\t\t<span class=\"byline meta\"><span class=\"meta-icon\"><i class=\"flaticon-user\"><\/i><\/span><span class=\"meta-val\"><a class=\"url fn n\" href=\"https:\/\/filleacgiltaranto.it\/index.php\/author\/admin5688\/\"><span>admin5688<\/span><\/a><\/span><\/span>\t\t\t\t\t<span class=\"post-date meta\"><span class=\"meta-icon\"><i class=\"flaticon-time\"><\/i><\/span>\n        <span class=\"meta-val\">\n        <a href=\"https:\/\/filleacgiltaranto.it\/index.php\/2026\/02\/26\/semat-bardinella-non-lasciate-soli-i-215-lavoratori-ora-un-percorso-di-rilancio-vero\/\">\n        <time class=\"entry-date published updated\" datetime=\"2026-02-26T12:49:40+01:00\">26 Febbraio 2026<\/time><\/a><\/span><\/span>\t\t\t\t<\/div><!-- .entry-meta -->\n\t\t\t<\/div>\n\t\t<\/footer><!-- .entry-footer -->\n\t<\/div><!--  .post-content -->\n\n<\/article><!-- #post-## -->\n<article id=\"post-2844\" class=\"s-post post post-2844 type-post status-publish format-standard has-post-thumbnail hentry category-appalto-ex-ilva tag-yoga\">\n\n\t\t\t<div class=\"post-thumbnail\">\n\t\t\t<a class=\"thumb-link\" href=\"https:\/\/filleacgiltaranto.it\/index.php\/2026\/01\/14\/semat-sud-sindacati-chiedono-un-incontro-urgente-al-sepac\/\" title=\"Semat Sud: sindacati chiedono un incontro urgente al SEPAC\">\n\t\t\t<span class=\"thumbinal\">\n\t\t\t\t<span class=\"image\">\n\t\t\t\t\t<img loading=\"lazy\" decoding=\"async\" width=\"400\" height=\"400\" src=\"https:\/\/filleacgiltaranto.it\/wp-content\/uploads\/2026\/01\/assemblea-semat-400x400.jpg\" class=\"attachment-bastet_list_grid_image_square size-bastet_list_grid_image_square wp-post-image\" alt=\"\" srcset=\"https:\/\/filleacgiltaranto.it\/wp-content\/uploads\/2026\/01\/assemblea-semat-400x400.jpg 400w, https:\/\/filleacgiltaranto.it\/wp-content\/uploads\/2026\/01\/assemblea-semat-300x300.jpg 300w, https:\/\/filleacgiltaranto.it\/wp-content\/uploads\/2026\/01\/assemblea-semat-150x150.jpg 150w, https:\/\/filleacgiltaranto.it\/wp-content\/uploads\/2026\/01\/assemblea-semat-520x520.jpg 520w, https:\/\/filleacgiltaranto.it\/wp-content\/uploads\/2026\/01\/assemblea-semat.jpg 526w\" sizes=\"auto, (max-width: 400px) 100vw, 400px\" \/>\t\t\t\t<\/span>\n\t\t\t<\/span>\n\t\t\t<\/a>\n\t\t<\/div><!--  .post-thumbnail -->\n\t\n\t<div class=\"post-content\">\n\t\t<header class=\"entry-header\">\n\t\t\t<span class=\"posted-cates\"><a href=\"https:\/\/filleacgiltaranto.it\/index.php\/category\/appalto-ex-ilva\/\" rel=\"category tag\">appalto ex ilva<\/a><\/span>\t\t\t<h2 class=\"entry-title\"><a href=\"https:\/\/filleacgiltaranto.it\/index.php\/2026\/01\/14\/semat-sud-sindacati-chiedono-un-incontro-urgente-al-sepac\/\" rel=\"bookmark\">Semat Sud: sindacati chiedono un incontro urgente al SEPAC<\/a><\/h2>\n\t\t<\/header><!-- .entry-header -->\n\n\t\t<div class=\"entry-content\">\n\t\t\t<p>SEMAT SUD Srl, controllata da SEMAT SPA, azienda che opera all\u2019interno dell\u2019appalto ex Ilva di Taranto da <\/p>\t\t<\/div><!-- .entry-content -->\n\n\t\t<footer class=\"entry-footer\">\n\t\t\t<div class=\"d-flex flex-wrap justify-content-between\">\n\t\t\t\t<div class=\"entry-meta\">\n\t\t\t\t\t<span class=\"byline meta\"><span class=\"meta-icon\"><i class=\"flaticon-user\"><\/i><\/span><span class=\"meta-val\"><a class=\"url fn n\" href=\"https:\/\/filleacgiltaranto.it\/index.php\/author\/admin5688\/\"><span>admin5688<\/span><\/a><\/span><\/span>\t\t\t\t\t<span class=\"post-date meta\"><span class=\"meta-icon\"><i class=\"flaticon-time\"><\/i><\/span>\n        <span class=\"meta-val\">\n        <a href=\"https:\/\/filleacgiltaranto.it\/index.php\/2026\/01\/14\/semat-sud-sindacati-chiedono-un-incontro-urgente-al-sepac\/\">\n        <time class=\"entry-date published updated\" datetime=\"2026-01-14T10:40:38+01:00\">14 Gennaio 2026<\/time><\/a><\/span><\/span>\t\t\t\t<\/div><!-- .entry-meta -->\n\t\t\t<\/div>\n\t\t<\/footer><!-- .entry-footer -->\n\t<\/div><!--  .post-content -->\n\n<\/article><!-- #post-## -->\n<article id=\"post-2840\" class=\"s-post post post-2840 type-post status-publish format-standard has-post-thumbnail hentry category-appalto-ex-ilva tag-yoga\">\n\n\t\t\t<div class=\"post-thumbnail\">\n\t\t\t<a class=\"thumb-link\" href=\"https:\/\/filleacgiltaranto.it\/index.php\/2025\/12\/02\/i-primi-effetti-del-piano-cortosemat-sud-annuncia-la-cessazione-dattivita-e-il-licenziamento-di-220-lavoratori\/\" title=\"I primi effetti del piano \u201ccorto\u201d:Semat Sud annuncia la cessazione d\u2019attivit\u00e0 e il licenziamento di 220 lavoratori\">\n\t\t\t<span class=\"thumbinal\">\n\t\t\t\t<span class=\"image\">\n\t\t\t\t\t<img loading=\"lazy\" decoding=\"async\" width=\"400\" height=\"400\" src=\"https:\/\/filleacgiltaranto.it\/wp-content\/uploads\/2025\/12\/semat-sud-licenziaa-400x400.png\" class=\"attachment-bastet_list_grid_image_square size-bastet_list_grid_image_square wp-post-image\" alt=\"\" srcset=\"https:\/\/filleacgiltaranto.it\/wp-content\/uploads\/2025\/12\/semat-sud-licenziaa-400x400.png 400w, https:\/\/filleacgiltaranto.it\/wp-content\/uploads\/2025\/12\/semat-sud-licenziaa-150x150.png 150w\" sizes=\"auto, (max-width: 400px) 100vw, 400px\" \/>\t\t\t\t<\/span>\n\t\t\t<\/span>\n\t\t\t<\/a>\n\t\t<\/div><!--  .post-thumbnail -->\n\t\n\t<div class=\"post-content\">\n\t\t<header class=\"entry-header\">\n\t\t\t<span class=\"posted-cates\"><a href=\"https:\/\/filleacgiltaranto.it\/index.php\/category\/appalto-ex-ilva\/\" rel=\"category tag\">appalto ex ilva<\/a><\/span>\t\t\t<h2 class=\"entry-title\"><a href=\"https:\/\/filleacgiltaranto.it\/index.php\/2025\/12\/02\/i-primi-effetti-del-piano-cortosemat-sud-annuncia-la-cessazione-dattivita-e-il-licenziamento-di-220-lavoratori\/\" rel=\"bookmark\">I primi effetti del piano \u201ccorto\u201d:Semat Sud annuncia la cessazione d\u2019attivit\u00e0 e il licenziamento di 220 lavoratori<\/a><\/h2>\n\t\t<\/header><!-- .entry-header -->\n\n\t\t<div class=\"entry-content\">\n\t\t\t<p>I primi drammatici effetti del piano di chiusura dell\u2019ex Ilva di Taranto decretato dal Ministro Urso e <\/p>\t\t<\/div><!-- .entry-content -->\n\n\t\t<footer class=\"entry-footer\">\n\t\t\t<div class=\"d-flex flex-wrap justify-content-between\">\n\t\t\t\t<div class=\"entry-meta\">\n\t\t\t\t\t<span class=\"byline meta\"><span class=\"meta-icon\"><i class=\"flaticon-user\"><\/i><\/span><span class=\"meta-val\"><a class=\"url fn n\" href=\"https:\/\/filleacgiltaranto.it\/index.php\/author\/admin5688\/\"><span>admin5688<\/span><\/a><\/span><\/span>\t\t\t\t\t<span class=\"post-date meta\"><span class=\"meta-icon\"><i class=\"flaticon-time\"><\/i><\/span>\n        <span class=\"meta-val\">\n        <a href=\"https:\/\/filleacgiltaranto.it\/index.php\/2025\/12\/02\/i-primi-effetti-del-piano-cortosemat-sud-annuncia-la-cessazione-dattivita-e-il-licenziamento-di-220-lavoratori\/\">\n        <time class=\"entry-date published updated\" datetime=\"2025-12-02T19:22:20+01:00\">2 Dicembre 2025<\/time><\/a><\/span><\/span>\t\t\t\t<\/div><!-- .entry-meta -->\n\t\t\t<\/div>\n\t\t<\/footer><!-- .entry-footer -->\n\t<\/div><!--  .post-content -->\n\n<\/article><!-- #post-## -->\n<\/div>\n                <div class=\"navigation bastet-pagination clearfix\">\n                    <span class=\"screen-reader-text\">Posts Navigation<\/span>\n                    <a href=\"#\" data-query=\"{&quot;post_type&quot;:&quot;post&quot;,&quot;posts_per_page&quot;:3,&quot;order&quot;:&quot;DESC&quot;,&quot;orderby&quot;:&quot;date&quot;,&quot;post_status&quot;:&quot;publish&quot;,&quot;paged&quot;:1,&quot;name&quot;:&quot;&quot;,&quot;pagename&quot;:&quot;&quot;,&quot;page_id&quot;:0,&quot;second&quot;:&quot;&quot;,&quot;minute&quot;:&quot;&quot;,&quot;hour&quot;:&quot;&quot;,&quot;day&quot;:0,&quot;monthnum&quot;:0,&quot;year&quot;:0,&quot;w&quot;:0,&quot;category_name&quot;:&quot;&quot;,&quot;tag&quot;:&quot;&quot;,&quot;cat&quot;:&quot;&quot;,&quot;tag_id&quot;:&quot;&quot;,&quot;author&quot;:&quot;&quot;,&quot;author_name&quot;:&quot;&quot;,&quot;feed&quot;:&quot;&quot;,&quot;tb&quot;:&quot;&quot;,&quot;meta_key&quot;:&quot;&quot;,&quot;meta_value&quot;:&quot;&quot;,&quot;preview&quot;:&quot;&quot;,&quot;s&quot;:&quot;&quot;,&quot;sentence&quot;:&quot;&quot;,&quot;title&quot;:&quot;&quot;,&quot;fields&quot;:&quot;all&quot;,&quot;category__in&quot;:[],&quot;category__not_in&quot;:[],&quot;category__and&quot;:[],&quot;post__in&quot;:[],&quot;post__not_in&quot;:[],&quot;post_name__in&quot;:[],&quot;tag__in&quot;:[],&quot;tag__not_in&quot;:[],&quot;tag__and&quot;:[],&quot;tag_slug__in&quot;:[],&quot;tag_slug__and&quot;:[],&quot;post_parent__in&quot;:[],&quot;post_parent__not_in&quot;:[],&quot;author__in&quot;:[],&quot;author__not_in&quot;:[],&quot;search_columns&quot;:[],&quot;ignore_sticky_posts&quot;:false,&quot;update_menu_item_cache&quot;:false}\" data-meta=\"{&quot;category&quot;:&quot;1&quot;,&quot;date&quot;:&quot;1&quot;,&quot;author&quot;:&quot;1&quot;,&quot;layout&quot;:&quot;grid&quot;,&quot;share&quot;:&quot;1&quot;}\" data-current=\"1\" data-no-posts=\"No more stories :(\" class=\"load-more-btn btn\">\n                    <span class=\"text\">Load More<\/span> <i class=\"fas fa-angle-right\"><\/i><\/a>\n                    \n                <\/div><\/div><\/div>\n<\/div><\/div><\/div>","protected":false},"excerpt":{"rendered":"","protected":false},"author":1,"featured_media":0,"parent":0,"menu_order":0,"comment_status":"closed","ping_status":"closed","template":"page-templates\/full-width.php","meta":{"inline_featured_image":false,"footnotes":""},"class_list":["post-1430","page","type-page","status-publish","hentry"],"_links":{"self":[{"href":"https:\/\/filleacgiltaranto.it\/index.php\/wp-json\/wp\/v2\/pages\/1430","targetHints":{"allow":["GET"]}}],"collection":[{"href":"https:\/\/filleacgiltaranto.it\/index.php\/wp-json\/wp\/v2\/pages"}],"about":[{"href":"https:\/\/filleacgiltaranto.it\/index.php\/wp-json\/wp\/v2\/types\/page"}],"author":[{"embeddable":true,"href":"https:\/\/filleacgiltaranto.it\/index.php\/wp-json\/wp\/v2\/users\/1"}],"replies":[{"embeddable":true,"href":"https:\/\/filleacgiltaranto.it\/index.php\/wp-json\/wp\/v2\/comments?post=1430"}],"version-history":[{"count":2,"href":"https:\/\/filleacgiltaranto.it\/index.php\/wp-json\/wp\/v2\/pages\/1430\/revisions"}],"predecessor-version":[{"id":2838,"href":"https:\/\/filleacgiltaranto.it\/index.php\/wp-json\/wp\/v2\/pages\/1430\/revisions\/2838"}],"wp:attachment":[{"href":"https:\/\/filleacgiltaranto.it\/index.php\/wp-json\/wp\/v2\/media?parent=1430"}],"curies":[{"name":"wp","href":"https:\/\/api.w.org\/{rel}","templated":true}]}}